{"id":14,"date":"2020-12-02T16:00:22","date_gmt":"2020-12-02T15:00:22","guid":{"rendered":"https:\/\/michel-thorigny.fr\/boutique\/?post_type=product&#038;p=14"},"modified":"2024-04-09T03:07:24","modified_gmt":"2024-04-09T01:07:24","slug":"livre-michel-thorigny-autobiographie","status":"publish","type":"product","link":"https:\/\/michel-thorigny.fr\/boutique\/produit\/livre-michel-thorigny-autobiographie\/","title":{"rendered":"Livre Michel Thorigny \u00ab\u00a0Au-del\u00e0 de mon r\u00eave\u00a0\u00bb"},"content":{"rendered":"<p>Michel Thorigny est n\u00e9 \u00e0 Roissy en France avant m\u00eame que s\u2019y \u00e9tablisse l\u2019un des plus importants a\u00e9roports au monde. Enfant, il r\u00eavait en scrutant le ciel, en proie \u00e0 une passion naissante pour l\u2019aviation : un jour, il serait pilote et il cr\u00e9erait sa propre compagnie.<\/p>\n<p>Les ann\u00e9es passant, il a fait de son r\u00eave une r\u00e9alit\u00e9. De Saintes \u00e0 Roissy en passant par Dijon, il a gravi chaque marche de son m\u00e9tier d\u2019aviateur jusqu\u2019\u00e0 devenir le dernier exploitant du supersonique <em>Concorde<\/em>, avion mythique au d\u00e9fi technologique toujours in\u00e9gal\u00e9, sur lequel il a vol\u00e9 durant six ans, assurant le dernier vol Air France du bel oiseau, le 31 mai 2003. Ce soir-l\u00e0, son \u00e9quipage a pos\u00e9 <em>Concorde<\/em> sur la piste qui traverse le chemin de terre sur lequel il a appris \u00e0 marcher&#8230;<\/p>\n<p>L\u2019exp\u00e9rience de l\u2019auteur le confirme : le r\u00eave d\u2019aujourd\u2019hui m\u00e8ne au succ\u00e8s de demain ! Dans cet ouvrage, il retrace avec \u00e9motion et pr\u00e9cision l\u2019aventure unique au monde qu\u2019il a pu vivre \u00e0 force de courage et de foi en son r\u00eave. Son objectif est que vous, cher lecteur, vous sentiez boost\u00e9 et convaincu qu\u2019avec le r\u00eave, tout est possible.<\/p>\n<p align=\"JUSTIFY\"><i>Conf\u00e9rencier, Michel Thorigny s\u2019appuie sur son exp\u00e9rience et son expertise Concorde pour transmettre d\u2019innombrables enseignements au b\u00e9n\u00e9fice des projets d\u2019entreprise : motivation des collaborateurs, travail en \u00e9quipe, conduite du changement, recherche de l\u2019innovation, gestion de la r\u00e9ussite, gestion de l\u2019\u00e9chec, du rebond, culture des r\u00e9seaux&#8230; Avec sa conf\u00e9rence \u00ab Faites d\u00e9coller vos r\u00eaves \u00bb, il d\u00e9montre que le r\u00eave est une \u00e9nergie et un tremplin, un g\u00e9n\u00e9rateur d\u2019audace et d\u2019ambition.<\/i><\/p>\n","protected":false},"excerpt":{"rendered":"<p>L&rsquo;autobiographie de Michel Thorigny \u00ab\u00a0Au-del\u00e0 de mon r\u00eave\u00a0\u00bb<\/p>\n<p>Livre de 348 pages ; 16 x 24 cm ; broch\u00e9<br \/>\nISBN 978-2-490702-06-0<br \/>\nEAN 9782490702060<\/p>\n","protected":false},"featured_media":16,"template":"","meta":[],"product_cat":[15],"product_tag":[],"class_list":{"0":"post-14","1":"product","2":"type-product","3":"status-publish","4":"has-post-thumbnail","6":"product_cat-autobiographie","8":"first","9":"instock","10":"shipping-taxable","11":"purchasable","12":"product-type-simple"},"_links":{"self":[{"href":"https:\/\/michel-thorigny.fr\/boutique\/wp-json\/wp\/v2\/product\/14","targetHints":{"allow":["GET"]}}],"collection":[{"href":"https:\/\/michel-thorigny.fr\/boutique\/wp-json\/wp\/v2\/product"}],"about":[{"href":"https:\/\/michel-thorigny.fr\/boutique\/wp-json\/wp\/v2\/types\/product"}],"wp:featuredmedia":[{"embeddable":true,"href":"https:\/\/michel-thorigny.fr\/boutique\/wp-json\/wp\/v2\/media\/16"}],"wp:attachment":[{"href":"https:\/\/michel-thorigny.fr\/boutique\/wp-json\/wp\/v2\/media?parent=14"}],"wp:term":[{"taxonomy":"product_cat","embeddable":true,"href":"https:\/\/michel-thorigny.fr\/boutique\/wp-json\/wp\/v2\/product_cat?post=14"},{"taxonomy":"product_tag","embeddable":true,"href":"https:\/\/michel-thorigny.fr\/boutique\/wp-json\/wp\/v2\/product_tag?post=14"}],"curies":[{"name":"wp","href":"https:\/\/api.w.org\/{rel}","templated":true}]}}